{"id":999,"date":"2016-01-04T10:07:10","date_gmt":"2016-01-04T09:07:10","guid":{"rendered":"http:\/\/infra-suisse.ch\/fr\/?page_id=999"},"modified":"2021-02-08T10:51:49","modified_gmt":"2021-02-08T09:51:49","slug":"politique","status":"publish","type":"page","link":"https:\/\/infra-suisse.ch\/fr\/politique\/","title":{"rendered":"Politique"},"content":{"rendered":"<p>La mobilit\u00e9 est devenue l&rsquo;expression de notre libert\u00e9 personnelle et ainsi une valeur pivot de notre soci\u00e9t\u00e9. Rien de moins \u00e9tonnant que nos infrastructures de transport plafonnent, aussi bien les infrastructures ferroviaires que certains tron\u00e7ons de r\u00e9seau routier. La demande de nouvelles lignes <a href=\"https:\/\/www.bav.admin.ch\/bav\/fr\/home\/l-oft\/aufgaben-des-amtes\/financement\/financement-de-l-infrastructure\/reseau-ferroviaire\/sources-de-financement\/fif-fonds-d-infrastructure-ferroviaire.html\" target=\"_blank\" rel=\"noopener noreferrer\">ferroviaires<\/a> et de <a href=\"https:\/\/www.astra.admin.ch\/astra\/fr\/home\/themes\/strassenfinanzierung\/naf.html\" target=\"_blank\" rel=\"noopener noreferrer\">routes<\/a> est reprise en coeur dans toute la Suisse, au m\u00eame titre du reste que les appr\u00e9hensions sur la pollution sonore et les rejets d&rsquo;\u00e9chappement. Infra Suisse d\u00e9veloppe des id\u00e9es r\u00e9alisables et durables et collabore de mani\u00e8re constructive aux processus politiques.<\/p>\n<p>2017 le peuple suisse a accept\u00e9 \u00e0 une nette majorit\u00e9 la r\u00e9vision de la loi sur l\u2019\u00e9nergie et confirm\u00e9 du m\u00eame coup l\u2019orientation fondamentale de la nouvelle politique \u00e9nerg\u00e9tique de la Conf\u00e9d\u00e9ration. La <a href=\"https:\/\/www.bfe.admin.ch\/bfe\/fr\/home\/politique\/strategie-energetique-2050.html\" target=\"_blank\" rel=\"noopener noreferrer\">strat\u00e9gie \u00e9nerg\u00e9tique 2050<\/a> offre des opportunit\u00e9s aux constructeurs d\u2019infrastructures, opportunit\u00e9s qu\u2019il s\u2019agit maintenant de saisir. A c\u00f4t\u00e9 de la production d\u2019\u00e9lectricit\u00e9 \u00e0 partir d\u2019\u00e9nergies renouvelables, la Suisse doit \u00e9galement r\u00e9nover et adapter son r\u00e9seau de transport d\u2019\u00e9lectricit\u00e9.<\/p>\n<p>Un partenariat social bien rod\u00e9 est indispensable. Infra Suisse se rallie \u00e0 ce mot d\u2019ordre et y contribue \u00e9galement. La <a href=\"http:\/\/www.baumeister.ch\/fr\/gestion-d-entreprise\/conventions-collectives-de-travail-cct\/convention-nationale-cn\/cn-2019\" target=\"_blank\" rel=\"noopener noreferrer\">Convention nationale du secteur principal de la construction<\/a> avec la convention compl\u00e9mentaire pour les travaux souterrains et les travaux sp\u00e9ciaux du g\u00e9nie civil selon les annexes 12 et 13 en forme la base. Le partenariat social trouve \u00e9galement un terrain fertile dans la vie des affaires et sur le chantier. Infra Suisse est ainsi int\u00e9ress\u00e9e par une collaboration bien rod\u00e9e et objective avec les syndicats.<\/p>\n","protected":false},"excerpt":{"rendered":"<p>La mobilit\u00e9 est devenue l&rsquo;expression de notre libert\u00e9 personnelle et ainsi une valeur pivot de notre soci\u00e9t\u00e9. Rien de moins \u00e9tonnant que nos infrastructures de transport plafonnent, aussi bien les infrastructures ferroviaires que certains tron\u00e7ons de r\u00e9seau routier. La demande de nouvelles lignes ferroviaires et de routes est reprise en coeur dans toute la Suisse,&#8230;<\/p>\n","protected":false},"author":66,"featured_media":19551,"parent":0,"menu_order":7,"comment_status":"closed","ping_status":"closed","template":"","meta":{"_acf_changed":false,"footnotes":""},"class_list":["post-999","page","type-page","status-publish","has-post-thumbnail","hentry"],"acf":[],"_links":{"self":[{"href":"https:\/\/infra-suisse.ch\/fr\/wp-json\/wp\/v2\/pages\/999","targetHints":{"allow":["GET"]}}],"collection":[{"href":"https:\/\/infra-suisse.ch\/fr\/wp-json\/wp\/v2\/pages"}],"about":[{"href":"https:\/\/infra-suisse.ch\/fr\/wp-json\/wp\/v2\/types\/page"}],"author":[{"embeddable":true,"href":"https:\/\/infra-suisse.ch\/fr\/wp-json\/wp\/v2\/users\/66"}],"replies":[{"embeddable":true,"href":"https:\/\/infra-suisse.ch\/fr\/wp-json\/wp\/v2\/comments?post=999"}],"version-history":[{"count":3,"href":"https:\/\/infra-suisse.ch\/fr\/wp-json\/wp\/v2\/pages\/999\/revisions"}],"predecessor-version":[{"id":20948,"href":"https:\/\/infra-suisse.ch\/fr\/wp-json\/wp\/v2\/pages\/999\/revisions\/20948"}],"wp:featuredmedia":[{"embeddable":true,"href":"https:\/\/infra-suisse.ch\/fr\/wp-json\/wp\/v2\/media\/19551"}],"wp:attachment":[{"href":"https:\/\/infra-suisse.ch\/fr\/wp-json\/wp\/v2\/media?parent=999"}],"curies":[{"name":"wp","href":"https:\/\/api.w.org\/{rel}","templated":true}]}}