{"id":984,"date":"2016-01-10T23:14:43","date_gmt":"2016-01-10T22:14:43","guid":{"rendered":"http:\/\/infra-suisse.ch\/fr\/?page_id=984"},"modified":"2018-02-19T14:57:03","modified_gmt":"2018-02-19T13:57:03","slug":"formation-continue","status":"publish","type":"page","link":"https:\/\/infra-suisse.ch\/fr\/formation\/formation-continue\/","title":{"rendered":"Formation continue"},"content":{"rendered":"<p>Les examens finaux d&rsquo;apprentissage sont tout sauf une fin en soi. C&rsquo;est alors que tout commence v\u00e9ritablement! Une offre attrayante de formation continue dans les domaines du g\u00e9nie civil, de la construction de voies de communication, de travaux de fondation et sp\u00e9ciaux du g\u00e9nie civil ainsi que de travaux souterrains est par exemple propos\u00e9e par le Centre de formation de l&rsquo;Association suisse des entrepreneurs (CF SSE).<\/p>\n<p>Le syst\u00e8me de formation de l&rsquo;\u00e9cole professionnelle permet un perfectionnement en tout temps par exemple comme <a href=\"https:\/\/www.professions-construction.ch\/fr\/formation-et-carriere\/cadres\/#Bauvorarbeiter\" target=\"_blank\" rel=\"noopener noreferrer\">chef d&rsquo;\u00e9quipe<\/a>, <a href=\"https:\/\/www.professions-construction.ch\/fr\/formation-et-carriere\/cadres\/#Baupolier\" target=\"_blank\" rel=\"noopener noreferrer\">contrema\u00eetre<\/a>, <a href=\"https:\/\/www.professions-construction.ch\/fr\/formation-et-carriere\/cadres\/#Baufuehrer\" target=\"_blank\" rel=\"noopener noreferrer\">conducteur de travaux<\/a> et enfin comme <a href=\"https:\/\/www.professions-construction.ch\/fr\/formation-et-carriere\/cadres\/#Baumeister\" target=\"_blank\" rel=\"noopener noreferrer\">entrepreneur-construction<\/a>.<\/p>\n<p>La maturit\u00e9 professionnelle ouvre la voie vers une \u00e9cole professionnelle ou une haute \u00e9cole sp\u00e9cialis\u00e9e et ainsi vers le dipl\u00f4me <a href=\"https:\/\/www.professions-construction.ch\/fr\/formation-et-carriere\/cadres\/#Bauingenieur\" target=\"_blank\" rel=\"noopener noreferrer\">d&rsquo;ing\u00e9nieur civil<\/a>.<\/p>\n","protected":false},"excerpt":{"rendered":"<p>Les examens finaux d&rsquo;apprentissage sont tout sauf une fin en soi. C&rsquo;est alors que tout commence v\u00e9ritablement! Une offre attrayante de formation continue dans les domaines du g\u00e9nie civil, de la construction de voies de communication, de travaux de fondation et sp\u00e9ciaux du g\u00e9nie civil ainsi que de travaux souterrains est par exemple propos\u00e9e par&#8230;<\/p>\n","protected":false},"author":66,"featured_media":3556,"parent":1122,"menu_order":2,"comment_status":"closed","ping_status":"closed","template":"","meta":{"_acf_changed":false,"footnotes":""},"class_list":["post-984","page","type-page","status-publish","has-post-thumbnail","hentry"],"acf":[],"_links":{"self":[{"href":"https:\/\/infra-suisse.ch\/fr\/wp-json\/wp\/v2\/pages\/984","targetHints":{"allow":["GET"]}}],"collection":[{"href":"https:\/\/infra-suisse.ch\/fr\/wp-json\/wp\/v2\/pages"}],"about":[{"href":"https:\/\/infra-suisse.ch\/fr\/wp-json\/wp\/v2\/types\/page"}],"author":[{"embeddable":true,"href":"https:\/\/infra-suisse.ch\/fr\/wp-json\/wp\/v2\/users\/66"}],"replies":[{"embeddable":true,"href":"https:\/\/infra-suisse.ch\/fr\/wp-json\/wp\/v2\/comments?post=984"}],"version-history":[{"count":2,"href":"https:\/\/infra-suisse.ch\/fr\/wp-json\/wp\/v2\/pages\/984\/revisions"}],"predecessor-version":[{"id":11793,"href":"https:\/\/infra-suisse.ch\/fr\/wp-json\/wp\/v2\/pages\/984\/revisions\/11793"}],"up":[{"embeddable":true,"href":"https:\/\/infra-suisse.ch\/fr\/wp-json\/wp\/v2\/pages\/1122"}],"wp:featuredmedia":[{"embeddable":true,"href":"https:\/\/infra-suisse.ch\/fr\/wp-json\/wp\/v2\/media\/3556"}],"wp:attachment":[{"href":"https:\/\/infra-suisse.ch\/fr\/wp-json\/wp\/v2\/media?parent=984"}],"curies":[{"name":"wp","href":"https:\/\/api.w.org\/{rel}","templated":true}]}}