{"id":5009,"date":"2016-06-28T10:44:53","date_gmt":"2016-06-28T08:44:53","guid":{"rendered":"http:\/\/infra-suisse.ch\/fr\/?page_id=5009"},"modified":"2022-09-22T16:57:40","modified_gmt":"2022-09-22T14:57:40","slug":"marche","status":"publish","type":"page","link":"https:\/\/infra-suisse.ch\/fr\/marche\/","title":{"rendered":"March\u00e9"},"content":{"rendered":"<p>Le march\u00e9 des constructeurs suisses d\u2019infrastructures est marqu\u00e9 par la pression sur les prix, par des mandants particuli\u00e8rement puissants et par un haut degr\u00e9 de r\u00e9gulation. Infra Suisse d\u00e9fend les int\u00e9r\u00eats communs des entreprises de construction, ind\u00e9pendamment des int\u00e9r\u00eats particuliers de celles-ci. Nous intervenons lorsque des normes sont d\u00e9velopp\u00e9es. Nous insistons sur le respect des contrats type et nous observons en permanence les appels d\u2019offres publics.<\/p>\n<p>Infra Suisse observe syst\u00e9matiquement les appels d\u2019offres publics et r\u00e9agit aux informations de ses membres. Elle participe aux d\u00e9bats et aux s\u00e9ances de questions. Ces interventions sont ind\u00e9pendantes des int\u00e9r\u00eats particuliers des entreprises et servent \u00e0 l\u2019ensemble du secteur. Infra Suisse s\u2019engage pour des conditions \u00e9quitables et transparentes.<\/p>\n","protected":false},"excerpt":{"rendered":"<p>Le march\u00e9 des constructeurs suisses d\u2019infrastructures est marqu\u00e9 par la pression sur les prix, par des mandants particuli\u00e8rement puissants et par un haut degr\u00e9 de r\u00e9gulation. Infra Suisse d\u00e9fend les int\u00e9r\u00eats communs des entreprises de construction, ind\u00e9pendamment des int\u00e9r\u00eats particuliers de celles-ci. Nous intervenons lorsque des normes sont d\u00e9velopp\u00e9es. Nous insistons sur le respect des&#8230;<\/p>\n","protected":false},"author":66,"featured_media":4949,"parent":0,"menu_order":4,"comment_status":"closed","ping_status":"closed","template":"","meta":{"_acf_changed":false,"footnotes":""},"class_list":["post-5009","page","type-page","status-publish","has-post-thumbnail","hentry"],"acf":[],"_links":{"self":[{"href":"https:\/\/infra-suisse.ch\/fr\/wp-json\/wp\/v2\/pages\/5009","targetHints":{"allow":["GET"]}}],"collection":[{"href":"https:\/\/infra-suisse.ch\/fr\/wp-json\/wp\/v2\/pages"}],"about":[{"href":"https:\/\/infra-suisse.ch\/fr\/wp-json\/wp\/v2\/types\/page"}],"author":[{"embeddable":true,"href":"https:\/\/infra-suisse.ch\/fr\/wp-json\/wp\/v2\/users\/66"}],"replies":[{"embeddable":true,"href":"https:\/\/infra-suisse.ch\/fr\/wp-json\/wp\/v2\/comments?post=5009"}],"version-history":[{"count":2,"href":"https:\/\/infra-suisse.ch\/fr\/wp-json\/wp\/v2\/pages\/5009\/revisions"}],"predecessor-version":[{"id":20570,"href":"https:\/\/infra-suisse.ch\/fr\/wp-json\/wp\/v2\/pages\/5009\/revisions\/20570"}],"wp:featuredmedia":[{"embeddable":true,"href":"https:\/\/infra-suisse.ch\/fr\/wp-json\/wp\/v2\/media\/4949"}],"wp:attachment":[{"href":"https:\/\/infra-suisse.ch\/fr\/wp-json\/wp\/v2\/media?parent=5009"}],"curies":[{"name":"wp","href":"https:\/\/api.w.org\/{rel}","templated":true}]}}