{"id":24795,"date":"2022-09-22T11:33:53","date_gmt":"2022-09-22T09:33:53","guid":{"rendered":"https:\/\/infra-suisse.ch\/?page_id=24795"},"modified":"2022-09-29T16:50:42","modified_gmt":"2022-09-29T14:50:42","slug":"penurie-denergie","status":"publish","type":"page","link":"https:\/\/infra-suisse.ch\/fr\/marche\/penurie-denergie\/","title":{"rendered":"P\u00e9nurie d&rsquo;\u00e9nergie"},"content":{"rendered":"<p>La situation actuelle de la politique europ\u00e9enne a donn\u00e9 lieu \u00e0 un d\u00e9bat \u00e9motionnel sur les ressources \u00e9nerg\u00e9tiques. En tant que secteur, nous sommes mis au d\u00e9fi. Nous pouvons apporter notre contribution, mais nous avons aussi besoin des autorit\u00e9s pour pouvoir continuer \u00e0 travailler. Infra Suisse s\u2019engage pour une analyse objective de la situation, la mise en \u0153uvre de mesures pragmatiques et la formulation d\u2019exigences politiques.<\/p>\n<p><strong>Contexte<\/strong><\/p>\n<p>Ces derniers mois, le conflit en Ukraine et l\u2019arr\u00eat des livraisons de gaz en provenance de Russie ont conduit \u00e0 une ins\u00e9curit\u00e9 persistante, \u00e0 des hausses de prix et \u00e0 un d\u00e9bat anim\u00e9 sur la gestion des ressources limit\u00e9es en \u00e9nergie. Avant m\u00eame ces \u00e9v\u00e9nements, la Suisse n\u2019\u00e9tait pas en mesure de couvrir elle-m\u00eame sa consommation d\u2019\u00e9lectricit\u00e9, et devait importer du courant \u00e9lectrique, provenant entre autres de centrales \u00e0 gaz. Le prix de l\u2019\u00e9lectricit\u00e9 est fix\u00e9 \u00e0 la bourse et est bas\u00e9 sur le mode de production le plus cher. C\u2019est la raison pour laquelle le prix de l\u2019\u00e9lectricit\u00e9 d\u00e9pend directement de la production de gaz et de l\u2019\u00e9volution de son prix.<\/p>\n<p>A cela s\u2019ajoute que l\u2019\u00e9t\u00e9 particuli\u00e8rement sec de cette ann\u00e9e a entra\u00een\u00e9 un niveau de remplissage des barrages nettement inf\u00e9rieur \u00e0 celui d\u2019une ann\u00e9e \u00abnormale\u00bb. Cela r\u00e9duit massivement l\u2019offre, qui ne peut alors plus r\u00e9pondre \u00e0 la demande. Dans le pire des cas, cela conduit \u00e0 une p\u00e9nurie.<\/p>\n<p>Ce risque de p\u00e9nurie a pouss\u00e9 le D\u00e9partement f\u00e9d\u00e9ral de l\u2019\u00e9conomie, de la formation et de la recherche (DEFR) \u00e0 r\u00e9aliser, ces jours-ci, une consultation sur deux projets d\u2019ordonnance relatifs \u00e0 des mesures correspondantes. Il communiquera les r\u00e9sultats de cette consultation au Conseil f\u00e9d\u00e9ral d\u2019ici fin octobre et soumettra des propositions, qui auront des cons\u00e9quences concr\u00e8tes, cet hiver.<\/p>\n<p><strong>Que peuvent faire les entreprise de construction\u00a0?<\/strong><\/p>\n<p>Toutes les entreprises et tous les secteurs doivent r\u00e9fl\u00e9chir \u00e0 la mani\u00e8re de r\u00e9duire leur consommation d\u2019\u00e9nergie. Notre secteur ne fait pas exception. Des mesures simples et pouvant \u00eatre mises en \u0153uvre rapidement permettent d\u00e9j\u00e0 d\u2019obtenir des r\u00e9sultats concrets:<\/p>\n<p><strong><em>Chantiers<\/em><\/strong><\/p>\n<ul>\n<li>Dans les conteneurs de chantier, n\u2019enclencher le chauffage qu\u2019en cas de besoin et r\u00e9duire la temp\u00e9rature de consigne. Pour donner un ordre d\u2019id\u00e9e\u00a0: les co\u00fbts de chauffage \/ la consommation d\u2019\u00e9nergie d\u2019un chauffage \u00e0 pleine puissance d\u2019anciens mod\u00e8les de conteneurs (qui sont encore largement r\u00e9pandus) dans une entreprise de construction de taille moyenne peuvent aller jusqu\u2019\u00e0 CHF 15&rsquo;000.- ou 54&rsquo;000 kWh pour une saison de construction (pour un prix moyen de l\u2019\u00e9lectricit\u00e9 de 25 ct\/kWh, y c. utilisation du r\u00e9seau). L\u2019utilisation de chauffages \u00e9lectriques repr\u00e9sente, indirectement, une utilisation accrue des r\u00e9serves limit\u00e9es de gaz, du fait que le gaz est aussi utilis\u00e9 pour la production d\u2019\u00e9lectricit\u00e9 dans des centrales \u00e0 gaz.<\/li>\n<li>Eteindre la lumi\u00e8re dans les conteneurs de chantier, lorsqu\u2019elle n\u2019est pas n\u00e9cessaire.<\/li>\n<li>Utilisation r\u00e9fl\u00e9chie des bouteilles de gaz (propane) (information et instruction, prise en compte des fiches d\u2019information).<\/li>\n<li>Choisir la bonne taille des machines de chantier (dimension pour le chantier \/ projet de construction, comparaison des caract\u00e9ristiques de consommation).<\/li>\n<li>Optimisation des d\u00e9roulements (faire le plein au d\u00e9but \/ \u00e0 la fin de la journ\u00e9e de travail, \u00e9viter les courses \u00e0 vide, optimiser la logistique).<\/li>\n<\/ul>\n<p><em><strong>Sites de production<\/strong><\/em><\/p>\n<ul>\n<li>R\u00e9duire la temp\u00e9rature int\u00e9rieure en hiver.<\/li>\n<li>Eviter le fonctionnement inutile de grands appareils \u00e9lectriques.<\/li>\n<li>R\u00e9duire l\u2019\u00e9clairage et passer \u00e0 un \u00e9clairage LED.<\/li>\n<li>Commuter \u2013 si possible \u2013 les installations bi\u00e9nergies sur une \u00e9nergie alternative.<\/li>\n<\/ul>\n<p><em><strong>B\u00e2timents administratifs<\/strong><\/em><\/p>\n<ul>\n<li>R\u00e9duire la temp\u00e9rature int\u00e9rieure \u00e0 19 \u00b0C en hiver.<\/li>\n<li>Passer \u00e0 un \u00e9clairage LED et installer des d\u00e9tecteurs de mouvement.<\/li>\n<li>Eteindre les appareils \u00e9lectriques non utilis\u00e9s.<\/li>\n<\/ul>\n<p><em><strong>Autres potentiels d\u2019\u00e9conomie<\/strong><\/em><\/p>\n<ul>\n<li>Sensibiliser les collaborateurs\/trices (\u00e9clairage, chauffage\/ventilation, appareils tournant \u00e0 vide, utilisation de mat\u00e9riaux).<\/li>\n<li>Mettre en place un d\u00e9p\u00f4t de mat\u00e9riel (renoncer aux livraisons \u00e0 flux tendus).<\/li>\n<li>Eteindre les appareils en mode \u00abstand-by\u00bb (prises multiples avec interrupteur pour ordinateurs, imprimantes, machines \u00e0 caf\u00e9, etc.).<\/li>\n<\/ul>\n<p>Peut-\u00eatre y a-t-il encore d\u2019autres potentiels d\u2019\u00e9conomie que nous pourrions mobiliser\u00a0? Nous tenons beaucoup \u00e0 montrer au public et \u00e0 la politique que notre secteur fournit sa contribution et s\u2019efforce de participer aux mesures d\u2019\u00e9conomie, dans la mesure de ses possibilit\u00e9s. Ce n\u2019est qu\u2019ainsi que nous pourrons faire valoir nos demandes de mani\u00e8re cr\u00e9dible, en cas de menaces graves pour le secteur. Notre nouveau responsable march\u00e9 et technique se tient \u00e0 votre disposition pour en discuter, et recueillera \u00e9galement volontiers vos suggestions.<\/p>\n<p><strong>Suite des d\u00e9marches<\/strong><\/p>\n<p>Afin de d\u00e9fendre les int\u00e9r\u00eats de ses membres, Infra Suisse a r\u00e9pondu \u00e0 l\u2019invitation \u00e0 prendre position sur les deux projets d\u2019ordonnance et participe \u00e0 la proc\u00e9dure de consultation, qui prend fin le 22 septembre 2022.<\/p>\n<p>Le secteur de la construction d\u00e9pend \u00e9galement de fournisseurs, dont la s\u00e9curit\u00e9 d\u2019approvisionnement sera limit\u00e9e en cas de restrictions d\u2019utilisation, ce qui aura des cons\u00e9quences directes sur le respect des d\u00e9lais. De plus, une disponibilit\u00e9 r\u00e9duite des mat\u00e9riaux conduira, avec une demande inchang\u00e9e, \u00e0 des rench\u00e9rissements, qui ne pourront pas toujours \u00eatre compens\u00e9s, selon le ma\u00eetre d\u2019ouvrage et les conditions contractuelles. Pour les entreprises, la poursuite des travaux dans des conditions \u00e9conomiquement viables repr\u00e9sente un v\u00e9ritable d\u00e9fi, en cas de p\u00e9nurie de mat\u00e9riaux sur les chantiers. Une sous-occupation pour cause de ch\u00f4mage technique peut avoir des cons\u00e9quences similaires \u00e0 ce que nous avons connu au paroxysme de la pand\u00e9mie (ch\u00f4mage partiel, retards dus \u00e0 la fermeture partielle de chantiers routiers). Infra Suisse est consciente de l\u2019importance du secteur de la construction pour l\u2019\u00e9conomie. Elle s\u2019engage par cons\u00e9quent en faveur d\u2019un positionnement clair des entreprises qui la repr\u00e9sentent. La demande d\u2019une fourniture d\u2019\u00e9nergie sans faille, qu\u2019Infra Suisse adresse aux d\u00e9cideurs politiques, doit permettre de maintenir l\u2019activit\u00e9 de construction sans interruption. Dans ce cadre, Infra Suisse est \u00e9galement en contact avec d\u2019autres associations professionnelles apparent\u00e9es, afin de d\u00e9fendre les int\u00e9r\u00eats de ses membres.<\/p>\n<p><strong>Pour tout compl\u00e9ment d\u2019information<\/strong><\/p>\n<p>En tant que service sp\u00e9cial destin\u00e9 \u00e0 ses membres, Infra Suisse a mis en place un site Internet th\u00e9matique, r\u00e9guli\u00e8rement actualis\u00e9 et proposant des informations compl\u00e9mentaires.<br \/>\nNous vous remercions de votre collaboration et nous nous r\u00e9jouissons de poursuivre le dialogue avec vous sur cette th\u00e9matique d\u2019une actualit\u00e9 br\u00fblante. N\u2019h\u00e9sitez pas \u00e0 nous contacter pour des attentes particuli\u00e8res, des suggestions ou des questions.<\/p>\n","protected":false},"excerpt":{"rendered":"<p>La situation actuelle de la politique europ\u00e9enne a donn\u00e9 lieu \u00e0 un d\u00e9bat \u00e9motionnel sur les ressources \u00e9nerg\u00e9tiques. En tant que secteur, nous sommes mis au d\u00e9fi. Nous pouvons apporter notre contribution, mais nous avons aussi besoin des autorit\u00e9s pour pouvoir continuer \u00e0 travailler. Infra Suisse s\u2019engage pour une analyse objective de la situation, la&#8230;<\/p>\n","protected":false},"author":1608,"featured_media":24756,"parent":5009,"menu_order":74,"comment_status":"closed","ping_status":"closed","template":"","meta":{"_acf_changed":false,"footnotes":""},"class_list":["post-24795","page","type-page","status-publish","has-post-thumbnail","hentry"],"acf":[],"_links":{"self":[{"href":"https:\/\/infra-suisse.ch\/fr\/wp-json\/wp\/v2\/pages\/24795","targetHints":{"allow":["GET"]}}],"collection":[{"href":"https:\/\/infra-suisse.ch\/fr\/wp-json\/wp\/v2\/pages"}],"about":[{"href":"https:\/\/infra-suisse.ch\/fr\/wp-json\/wp\/v2\/types\/page"}],"author":[{"embeddable":true,"href":"https:\/\/infra-suisse.ch\/fr\/wp-json\/wp\/v2\/users\/1608"}],"replies":[{"embeddable":true,"href":"https:\/\/infra-suisse.ch\/fr\/wp-json\/wp\/v2\/comments?post=24795"}],"version-history":[{"count":9,"href":"https:\/\/infra-suisse.ch\/fr\/wp-json\/wp\/v2\/pages\/24795\/revisions"}],"predecessor-version":[{"id":24905,"href":"https:\/\/infra-suisse.ch\/fr\/wp-json\/wp\/v2\/pages\/24795\/revisions\/24905"}],"up":[{"embeddable":true,"href":"https:\/\/infra-suisse.ch\/fr\/wp-json\/wp\/v2\/pages\/5009"}],"wp:featuredmedia":[{"embeddable":true,"href":"https:\/\/infra-suisse.ch\/fr\/wp-json\/wp\/v2\/media\/24756"}],"wp:attachment":[{"href":"https:\/\/infra-suisse.ch\/fr\/wp-json\/wp\/v2\/media?parent=24795"}],"curies":[{"name":"wp","href":"https:\/\/api.w.org\/{rel}","templated":true}]}}