{"id":16530,"date":"2016-01-13T10:48:48","date_gmt":"2016-01-13T09:48:48","guid":{"rendered":"https:\/\/infra-suisse.ch\/?page_id=16530\/"},"modified":"2019-06-14T20:24:14","modified_gmt":"2019-06-14T18:24:14","slug":"conferences-specialisees-evenements-infra-et-cours","status":"publish","type":"page","link":"https:\/\/infra-suisse.ch\/fr\/formation\/conferences-specialisees-evenements-infra-et-cours\/","title":{"rendered":"Conf\u00e9rences, \u00e9v\u00e9nements et cours"},"content":{"rendered":"<p>La technologie, les lois, les normes et les responsabilit\u00e9s \u00e9voluent sans cesse. Infra Suisse propose par cons\u00e9quent \u00e0 ses membres des manifestations d\u2019information et des cours de perfectionnement sur des th\u00e8mes d\u2019actualit\u00e9.<\/p>\n<ul>\n<li>Les <strong>conf\u00e9rences sp\u00e9cialis\u00e9es<\/strong> sur les <a href=\"https:\/\/infra-suisse.ch\/fr\/manifestation\/conference-specialisee-travaux-speciaux-du-genie-civil\/\">travaux sp\u00e9ciaux du g\u00e9nie civil<\/a> et les <a href=\"https:\/\/infra-suisse.ch\/fr\/manifestation\/\">travaux souterrains<\/a> ont lieu une \u00e0 deux fois par an.<\/li>\n<li>Les <strong>\u00c9v\u00e9nements Infra<\/strong> sont consacr\u00e9s \u00e0 des points forts th\u00e9matiques ou sp\u00e9cifiques au secteur. Contrairement aux conf\u00e9rences sp\u00e9cialis\u00e9es, ces \u00e9v\u00e9nements s\u2019adressent non seulement aux sp\u00e9cialistes et aux cadres, mais aussi aux ma\u00eetres d\u2019ouvrage, aux bureaux d\u2019\u00e9tudes et aux fournisseurs.<\/li>\n<li>De nos jours, les cadres sur les chantiers doivent \u00eatre parfaitement au fait des lois et des normes. En collaboration avec l\u2019<a href=\"https:\/\/www3.unifr.ch\/ius\/baurecht\/fr\/\" target=\"_blank\" rel=\"noopener\">Universit\u00e9 de Fribourg<\/a>, Infra Suisse propose par cons\u00e9quent, tous les deux ans, un <strong>cours de droit de la construction<\/strong> en fran\u00e7ais et en allemand.<\/li>\n<\/ul>\n","protected":false},"excerpt":{"rendered":"<p>La technologie, les lois, les normes et les responsabilit\u00e9s \u00e9voluent sans cesse. Infra Suisse propose par cons\u00e9quent \u00e0 ses membres des manifestations d\u2019information et des cours de perfectionnement sur des th\u00e8mes d\u2019actualit\u00e9. Les conf\u00e9rences sp\u00e9cialis\u00e9es sur les travaux sp\u00e9ciaux du g\u00e9nie civil et les travaux souterrains ont lieu une \u00e0 deux fois par an. Les&#8230;<\/p>\n","protected":false},"author":66,"featured_media":16528,"parent":1122,"menu_order":5,"comment_status":"closed","ping_status":"closed","template":"","meta":{"_acf_changed":false,"footnotes":""},"class_list":["post-16530","page","type-page","status-publish","has-post-thumbnail","hentry"],"acf":[],"_links":{"self":[{"href":"https:\/\/infra-suisse.ch\/fr\/wp-json\/wp\/v2\/pages\/16530","targetHints":{"allow":["GET"]}}],"collection":[{"href":"https:\/\/infra-suisse.ch\/fr\/wp-json\/wp\/v2\/pages"}],"about":[{"href":"https:\/\/infra-suisse.ch\/fr\/wp-json\/wp\/v2\/types\/page"}],"author":[{"embeddable":true,"href":"https:\/\/infra-suisse.ch\/fr\/wp-json\/wp\/v2\/users\/66"}],"replies":[{"embeddable":true,"href":"https:\/\/infra-suisse.ch\/fr\/wp-json\/wp\/v2\/comments?post=16530"}],"version-history":[{"count":1,"href":"https:\/\/infra-suisse.ch\/fr\/wp-json\/wp\/v2\/pages\/16530\/revisions"}],"predecessor-version":[{"id":16549,"href":"https:\/\/infra-suisse.ch\/fr\/wp-json\/wp\/v2\/pages\/16530\/revisions\/16549"}],"up":[{"embeddable":true,"href":"https:\/\/infra-suisse.ch\/fr\/wp-json\/wp\/v2\/pages\/1122"}],"wp:featuredmedia":[{"embeddable":true,"href":"https:\/\/infra-suisse.ch\/fr\/wp-json\/wp\/v2\/media\/16528"}],"wp:attachment":[{"href":"https:\/\/infra-suisse.ch\/fr\/wp-json\/wp\/v2\/media?parent=16530"}],"curies":[{"name":"wp","href":"https:\/\/api.w.org\/{rel}","templated":true}]}}