{"id":16194,"date":"2019-05-01T17:18:46","date_gmt":"2019-05-01T15:18:46","guid":{"rendered":"https:\/\/infra-suisse.ch\/?page_id=16194\/"},"modified":"2021-05-03T08:21:05","modified_gmt":"2021-05-03T06:21:05","slug":"durabilite","status":"publish","type":"page","link":"https:\/\/infra-suisse.ch\/fr\/durabilite\/","title":{"rendered":"Durabilit\u00e9"},"content":{"rendered":"<p>La durabilit\u00e9 est \u00e9galement importante dans la construction d\u2019infrastructures. <a href=\"https:\/\/infra-suisse.ch\/fr\/infra-suisse\/charte\/\" target=\"_blank\" rel=\"noopener noreferrer\">Infra Suisse<\/a> s\u2019engage activement pour la durabilit\u00e9 dans le secteur suisse de la construction d\u2019infrastructures.<\/p>\n<p>Dans le nouveau droit des march\u00e9s publics, la durabilit\u00e9 est un crit\u00e8re d\u2019adjudication. La LMP et l\u2019AIMP accordent davantage de poids \u00e0 des crit\u00e8res de qualit\u00e9 \u2013 dont la durabilit\u00e9. Infra Suisse a d\u00e9fini sa <a href=\"https:\/\/infra-suisse.ch\/wp-content\/uploads\/2021\/01\/210120_Infra-Suisse_Strategie-durabilite.pdf\" target=\"_blank\" rel=\"noopener noreferrer\">strat\u00e9gie \u00abDurabilit\u00e9 dans le cadre de l\u2019achat d\u2019infrastructures\u00bb<\/a>.<\/p>\n<p>Infra Suisse s\u2019engage dans le r\u00e9seau <a href=\"https:\/\/www.nnbs.ch\/\" target=\"_blank\" rel=\"noopener noreferrer\">Construction durable Suisse (NNBS)<\/a> pour une approche commune de la durabilit\u00e9 des infrastructures. Le standard \u00ab Construction durable Suisse pour les infrastructures \u00bb aide \u00e0 \u00e9valuer les projets d\u2019infrastructures quant \u00e0 leur durabilit\u00e9.<\/p>\n<p>L&rsquo;EFFC et le DFI ont d\u00e9velopp\u00e9 un <a href=\"https:\/\/www.effc.org\/how-we-operate\/eco%e2%82%82-foundations\/\" target=\"_blank\" rel=\"noopener noreferrer\">calculateur de CO2<\/a> qui permet de calculer les \u00e9missions de CO2 des travaux de fondation et de g\u00e9otechnique. Il a \u00e9t\u00e9 d\u00e9velopp\u00e9 pour permettre aux entrepreneurs et aux clients d&rsquo;\u00e9valuer l&#8217;empreinte carbone de leurs projets.<\/p>\n","protected":false},"excerpt":{"rendered":"<p>La durabilit\u00e9 est \u00e9galement importante dans la construction d\u2019infrastructures. Infra Suisse s\u2019engage activement pour la durabilit\u00e9 dans le secteur suisse de la construction d\u2019infrastructures. Dans le nouveau droit des march\u00e9s publics, la durabilit\u00e9 est un crit\u00e8re d\u2019adjudication. La LMP et l\u2019AIMP accordent davantage de poids \u00e0 des crit\u00e8res de qualit\u00e9 \u2013 dont la durabilit\u00e9. Infra&#8230;<\/p>\n","protected":false},"author":66,"featured_media":3566,"parent":0,"menu_order":5,"comment_status":"closed","ping_status":"closed","template":"","meta":{"_acf_changed":false,"footnotes":""},"class_list":["post-16194","page","type-page","status-publish","has-post-thumbnail","hentry"],"acf":[],"_links":{"self":[{"href":"https:\/\/infra-suisse.ch\/fr\/wp-json\/wp\/v2\/pages\/16194","targetHints":{"allow":["GET"]}}],"collection":[{"href":"https:\/\/infra-suisse.ch\/fr\/wp-json\/wp\/v2\/pages"}],"about":[{"href":"https:\/\/infra-suisse.ch\/fr\/wp-json\/wp\/v2\/types\/page"}],"author":[{"embeddable":true,"href":"https:\/\/infra-suisse.ch\/fr\/wp-json\/wp\/v2\/users\/66"}],"replies":[{"embeddable":true,"href":"https:\/\/infra-suisse.ch\/fr\/wp-json\/wp\/v2\/comments?post=16194"}],"version-history":[{"count":6,"href":"https:\/\/infra-suisse.ch\/fr\/wp-json\/wp\/v2\/pages\/16194\/revisions"}],"predecessor-version":[{"id":21832,"href":"https:\/\/infra-suisse.ch\/fr\/wp-json\/wp\/v2\/pages\/16194\/revisions\/21832"}],"wp:featuredmedia":[{"embeddable":true,"href":"https:\/\/infra-suisse.ch\/fr\/wp-json\/wp\/v2\/media\/3566"}],"wp:attachment":[{"href":"https:\/\/infra-suisse.ch\/fr\/wp-json\/wp\/v2\/media?parent=16194"}],"curies":[{"name":"wp","href":"https:\/\/api.w.org\/{rel}","templated":true}]}}