{"id":13201,"date":"2018-10-10T10:19:50","date_gmt":"2018-10-10T08:19:50","guid":{"rendered":"https:\/\/infra-suisse.ch\/formation\/formation-initiale\/umfrage-5-jahres-ueberpruefung\/"},"modified":"2019-03-06T06:58:23","modified_gmt":"2019-03-06T05:58:23","slug":"examen-quinquennal-2018","status":"publish","type":"page","link":"https:\/\/infra-suisse.ch\/fr\/formation\/formation-initiale\/examen-quinquennal-2018\/","title":{"rendered":"Examen quinquennal"},"content":{"rendered":"<p><strong>Dans le cadre d\u2019un sondage d\u2019Infra Suisse, 94% des entreprises formatrices ont indiqu\u00e9 que la formation initiale dans le champ professionnel de la construction de voies de communication r\u00e9pond aux besoins du march\u00e9 du travail. C\u2019est r\u00e9jouissant et probablement aussi l\u2019une des raisons pour lesquelles le nombre d\u2019apprentis dans la construction de voies de communication est rest\u00e9 stable, ces derni\u00e8res ann\u00e9es.<\/strong><\/p>\n<p>Les bases l\u00e9gales de la formation professionnelle initiale sont r\u00e9guli\u00e8rement examin\u00e9es et adapt\u00e9es, si n\u00e9cessaire, en fonction de l\u2019\u00e9volution \u00e9conomique, technologique et didactique. Un tel examen doit \u00eatre r\u00e9alis\u00e9 au moins tous les 5 ans. Un sondage a \u00e9t\u00e9 adress\u00e9, entre octobre et d\u00e9cembre 2018, aux responsables de la formation des entreprises formatrices, des cours interentreprises et des \u00e9coles professionnelles. Ensemble, ils forment les constructeurs de routes, les constructeurs de voies ferr\u00e9es, les constructeurs de fondations, les constructeurs de sols industriels et de chapes et les paveurs. Parall\u00e8lement, les cantons et la Conf\u00e9d\u00e9ration ont pris position face \u00e0 la situation dans ce champ professionnel.<\/p>\n<p>Une formation fond\u00e9e, proche de la pratique et orient\u00e9e vers l\u2019avenir est importante \u2013 et cela aussi bien pour les apprentis que pour le secteur. Cela est manifestement majoritairement le cas dans la construction de voies de communication. La formation initiale est globalement jug\u00e9e bonne \u00e0 tr\u00e8s bonne. Le lien avec la pratique dans le cadre de la formation est consid\u00e9r\u00e9 comme important. Le concept d\u2019enseignement orient\u00e9 comp\u00e9tences offre les conditions de base pour cela. La mise en \u0153uvre doit toutefois \u00eatre encore am\u00e9lior\u00e9e. Dans ce sens, la <a href=\"http:\/\/www.verkehrswegbauer.ch\" target=\"_blank\" rel=\"noopener\">Berufsfachschule Verkehrswegbauer<\/a> \u00e0 Sursee travaille d\u2019arrache-pied \u00e0 l\u2019am\u00e9lioration et, surtout, \u00e0 la simplification de la documentation de formation.<\/p>\n<p>Les comp\u00e9tences dans le domaine de la <a href=\"https:\/\/infra-suisse.ch\/fr\/marche\/digitalisation\/\">num\u00e9risation<\/a> vont encore gagner en importance. Sur ce point, le secteur est unanime. La formation initiale doit \u00e9galement tenir compte de cette \u00e9volution et transmettre aux apprentis les comp\u00e9tences n\u00e9cessaires pour utiliser ces nouvelles possibilit\u00e9s sur le chantier. Une adaptation des bases l\u00e9gales de la formation initiale n\u2019est toutefois pas n\u00e9cessaire, \u00e0 l\u2019heure actuelle.<\/p>\n<p><strong>Formation dans les entreprises formatrices<\/strong><\/p>\n<p>Dans le syst\u00e8me de formation duale de la Suisse, les entreprises formatrices jouent un r\u00f4le essentiel. C\u2019est l\u00e0 que se d\u00e9roule la plus grande partie de la formation. Les entreprises formatrices indiquent \u00eatre en mesure de r\u00e9aliser le mandat de formation selon le plan de formation. En fonction de la structure de l\u2019entreprise, il n\u2019est toutefois pas ais\u00e9 de transmettre les comp\u00e9tences exig\u00e9es aux apprentis. D\u00e9velopper la formation dans les cours interentreprises ne r\u00e9soudrait pas le probl\u00e8me. Le lieu de formation le plus importante reste l\u2019entreprise formatrice. Les entreprises et les cantons ne seraient gu\u00e8re dispos\u00e9s \u00e0 prendre en charge les co\u00fbts de cours interentreprises suppl\u00e9mentaires.<\/p>\n<p><strong>La formation initiale sur le banc d\u2019essai<\/strong><\/p>\n<p><a href=\"https:\/\/infra-suisse.ch\/fr\/documents\/formation-initiale\/\">Deux ordonnances sur la formation professionnelle et plans de formation<\/a> \u2013 respectivement, pour les formations CFC et AFP \u2013 forment les bases l\u00e9gales de la formation professionnelle initiale dans le champ professionnel de la construction de voies de communication. Ils d\u00e9crivent ce que les apprentis doivent \u00eatre capables de faire \u00e0 la fin de leur apprentissage. C\u2019est sur cette base qu\u2019est dispens\u00e9e la formation dans les entreprises formatrices, les cours interentreprises et l\u2019\u00e9cole professionnelle. Dans le cadre de l\u2019<a href=\"https:\/\/www.sbfi.admin.ch\/sbfi\/fr\/home\/formation\/formation-professionnelle-initiale\/developpement-des-professions\/processus\/analyse-examen\/3-1-2-5-jahres-ueberpruefung.html\" target=\"_blank\" rel=\"noopener\">examen quinquennal<\/a>, les organisations professionnelles Infra Suisse, <a href=\"https:\/\/www.voev.ch\/fr\/Bienvenue\" target=\"_blank\" rel=\"noopener\">UTP<\/a>, <a href=\"https:\/\/www.pavidensa.ch\" target=\"_blank\" rel=\"noopener\">Pavidensa<\/a> et l\u2019<a href=\"https:\/\/pflaesterer.ch\" target=\"_blank\" rel=\"noopener\">Association suisse des ma\u00eetres paveurs<\/a> ont d\u00e9termin\u00e9 dans quelle mesure cette base correspond aux exigences actuelles de l\u2019\u00e9conomie et dans quelle mesure elle est mise en \u0153uvre.<\/p>\n","protected":false},"excerpt":{"rendered":"<p>Dans le cadre d\u2019un sondage d\u2019Infra Suisse, 94% des entreprises formatrices ont indiqu\u00e9 que la formation initiale dans le champ professionnel de la construction de voies de communication r\u00e9pond aux besoins du march\u00e9 du travail. C\u2019est r\u00e9jouissant et probablement aussi l\u2019une des raisons pour lesquelles le nombre d\u2019apprentis dans la construction de voies de communication&#8230;<\/p>\n","protected":false},"author":66,"featured_media":7089,"parent":1124,"menu_order":0,"comment_status":"closed","ping_status":"closed","template":"","meta":{"_acf_changed":false,"footnotes":""},"class_list":["post-13201","page","type-page","status-publish","has-post-thumbnail","hentry"],"acf":[],"_links":{"self":[{"href":"https:\/\/infra-suisse.ch\/fr\/wp-json\/wp\/v2\/pages\/13201","targetHints":{"allow":["GET"]}}],"collection":[{"href":"https:\/\/infra-suisse.ch\/fr\/wp-json\/wp\/v2\/pages"}],"about":[{"href":"https:\/\/infra-suisse.ch\/fr\/wp-json\/wp\/v2\/types\/page"}],"author":[{"embeddable":true,"href":"https:\/\/infra-suisse.ch\/fr\/wp-json\/wp\/v2\/users\/66"}],"replies":[{"embeddable":true,"href":"https:\/\/infra-suisse.ch\/fr\/wp-json\/wp\/v2\/comments?post=13201"}],"version-history":[{"count":1,"href":"https:\/\/infra-suisse.ch\/fr\/wp-json\/wp\/v2\/pages\/13201\/revisions"}],"predecessor-version":[{"id":13202,"href":"https:\/\/infra-suisse.ch\/fr\/wp-json\/wp\/v2\/pages\/13201\/revisions\/13202"}],"up":[{"embeddable":true,"href":"https:\/\/infra-suisse.ch\/fr\/wp-json\/wp\/v2\/pages\/1124"}],"wp:featuredmedia":[{"embeddable":true,"href":"https:\/\/infra-suisse.ch\/fr\/wp-json\/wp\/v2\/media\/7089"}],"wp:attachment":[{"href":"https:\/\/infra-suisse.ch\/fr\/wp-json\/wp\/v2\/media?parent=13201"}],"curies":[{"name":"wp","href":"https:\/\/api.w.org\/{rel}","templated":true}]}}