{"id":1126,"date":"2016-01-10T23:14:52","date_gmt":"2016-01-10T22:14:52","guid":{"rendered":"http:\/\/infra-suisse.ch\/fr\/?page_id=1126"},"modified":"2021-05-28T14:47:43","modified_gmt":"2021-05-28T12:47:43","slug":"hautes-ecoles","status":"publish","type":"page","link":"https:\/\/infra-suisse.ch\/fr\/formation\/hautes-ecoles\/","title":{"rendered":"Hautes \u00e9coles"},"content":{"rendered":"<p>Des ing\u00e9nieurs civils \u2013 hommes ou femmes \u2013 qualifi\u00e9s sont tr\u00e8s importants pour notre secteur. Le nombre de nouveaux ing\u00e9nieurs arrivant sur le march\u00e9 est nettement inf\u00e9rieur \u00e0 la demande. Infra s\u2019engage par cons\u00e9quent activement pour la promotion de projets de recherche et la promotion de la rel\u00e8ve, au niveau des hautes \u00e9coles.<\/p>\n<p>Avec le fonds, Infra Suisse soutient des projets de recherche de hautes \u00e9coles et de hautes \u00e9coles sp\u00e9cialis\u00e9es, ou encore des postes d\u2019enseignement et de recherche dans la construction d\u2019infrastructures. Des innovations dans les mat\u00e9riaux de construction, les technologies, les processus ou des r\u00e9formes dans la formation de base et le perfectionnement pourront \u00e9galement b\u00e9n\u00e9ficier des moyens de ce fonds.<\/p>\n","protected":false},"excerpt":{"rendered":"<p>Des ing\u00e9nieurs civils \u2013 hommes ou femmes \u2013 qualifi\u00e9s sont tr\u00e8s importants pour notre secteur. Le nombre de nouveaux ing\u00e9nieurs arrivant sur le march\u00e9 est nettement inf\u00e9rieur \u00e0 la demande. Infra s\u2019engage par cons\u00e9quent activement pour la promotion de projets de recherche et la promotion de la rel\u00e8ve, au niveau des hautes \u00e9coles. Avec le&#8230;<\/p>\n","protected":false},"author":66,"featured_media":3558,"parent":1122,"menu_order":3,"comment_status":"closed","ping_status":"closed","template":"","meta":{"_acf_changed":false,"footnotes":""},"class_list":["post-1126","page","type-page","status-publish","has-post-thumbnail","hentry"],"acf":[],"_links":{"self":[{"href":"https:\/\/infra-suisse.ch\/fr\/wp-json\/wp\/v2\/pages\/1126","targetHints":{"allow":["GET"]}}],"collection":[{"href":"https:\/\/infra-suisse.ch\/fr\/wp-json\/wp\/v2\/pages"}],"about":[{"href":"https:\/\/infra-suisse.ch\/fr\/wp-json\/wp\/v2\/types\/page"}],"author":[{"embeddable":true,"href":"https:\/\/infra-suisse.ch\/fr\/wp-json\/wp\/v2\/users\/66"}],"replies":[{"embeddable":true,"href":"https:\/\/infra-suisse.ch\/fr\/wp-json\/wp\/v2\/comments?post=1126"}],"version-history":[{"count":7,"href":"https:\/\/infra-suisse.ch\/fr\/wp-json\/wp\/v2\/pages\/1126\/revisions"}],"predecessor-version":[{"id":22044,"href":"https:\/\/infra-suisse.ch\/fr\/wp-json\/wp\/v2\/pages\/1126\/revisions\/22044"}],"up":[{"embeddable":true,"href":"https:\/\/infra-suisse.ch\/fr\/wp-json\/wp\/v2\/pages\/1122"}],"wp:featuredmedia":[{"embeddable":true,"href":"https:\/\/infra-suisse.ch\/fr\/wp-json\/wp\/v2\/media\/3558"}],"wp:attachment":[{"href":"https:\/\/infra-suisse.ch\/fr\/wp-json\/wp\/v2\/media?parent=1126"}],"curies":[{"name":"wp","href":"https:\/\/api.w.org\/{rel}","templated":true}]}}